{"id":8562,"date":"2024-09-27T05:26:19","date_gmt":"2024-09-27T05:26:19","guid":{"rendered":"https:\/\/twstest.072design.site\/il-tuo-volo\/"},"modified":"2024-10-11T10:15:21","modified_gmt":"2024-10-11T10:15:21","slug":"il-tuo-volo","status":"publish","type":"page","link":"https:\/\/twstest.072design.site\/it\/il-tuo-volo\/","title":{"rendered":"Il tuo volo"},"content":{"rendered":"\t\t<div data-elementor-type=\"wp-page\" data-elementor-id=\"8562\" class=\"elementor elementor-8562 elementor-1413\" data-elementor-post-type=\"page\">\n\t\t\t\t\t\t<section data-particle_enable=\"false\" data-particle-mobile-disabled=\"false\" class=\"elementor-section elementor-top-section elementor-element elementor-element-46b9c7f elementor-section-height-min-height elementor-section-boxed elementor-section-height-default elementor-section-items-middle\" data-id=\"46b9c7f\" data-element_type=\"section\" data-settings=\"{&quot;jet_parallax_layout_list&quot;:[],&quot;background_background&quot;:&quot;video&quot;,&quot;background_video_link&quot;:&quot;https:\\\/\\\/player.vimeo.com\\\/video&quot;}\">\n\t\t\t\t\t\t\t\t<div class=\"elementor-background-video-container elementor-hidden-mobile\" aria-hidden=\"true\">\n\t\t\t\t\t\t\t\t\t\t\t\t\t<video class=\"elementor-background-video-hosted\" autoplay muted playsinline loop><\/video>\n\t\t\t\t\t\t\t\t\t\t\t<\/div>\n\t\t\t\t\t\t\t\t\t<div class=\"elementor-background-overlay\"><\/div>\n\t\t\t\t\t\t\t<div class=\"elementor-container elementor-column-gap-no\">\n\t\t\t\t\t<div class=\"elementor-column elementor-col-100 elementor-top-column elementor-element elementor-element-3c235e4a\" data-id=\"3c235e4a\" data-element_type=\"column\">\n\t\t\t<div class=\"elementor-widget-wrap elementor-element-populated\">\n\t\t\t\t\t\t<div class=\"elementor-element elementor-element-3d2737a7 elementor-widget elementor-widget-heading\" data-id=\"3d2737a7\" data-element_type=\"widget\" data-widget_type=\"heading.default\">\n\t\t\t\t<div class=\"elementor-widget-container\">\n\t\t\t\t\t<h1 class=\"elementor-heading-title elementor-size-default\">Un volo facile per la capitale europea del windsurf<\/h1>\t\t\t\t<\/div>\n\t\t\t\t<\/div>\n\t\t\t\t\t<\/div>\n\t\t<\/div>\n\t\t\t\t\t<\/div>\n\t\t<\/section>\n\t\t\t\t<section data-particle_enable=\"false\" data-particle-mobile-disabled=\"false\" class=\"elementor-section elementor-top-section elementor-element elementor-element-2f4754ac elementor-section-boxed elementor-section-height-default elementor-section-height-default\" data-id=\"2f4754ac\" data-element_type=\"section\" data-settings=\"{&quot;jet_parallax_layout_list&quot;:[]}\">\n\t\t\t\t\t\t<div class=\"elementor-container elementor-column-gap-default\">\n\t\t\t\t\t<div class=\"elementor-column elementor-col-100 elementor-top-column elementor-element elementor-element-54bd8cab\" data-id=\"54bd8cab\" data-element_type=\"column\" data-settings=\"{&quot;background_background&quot;:&quot;classic&quot;}\">\n\t\t\t<div class=\"elementor-widget-wrap elementor-element-populated\">\n\t\t\t\t\t\t<div class=\"elementor-element elementor-element-5d27b4f6 elementor-widget elementor-widget-heading\" data-id=\"5d27b4f6\" data-element_type=\"widget\" data-widget_type=\"heading.default\">\n\t\t\t\t<div class=\"elementor-widget-container\">\n\t\t\t\t\t<h2 class=\"elementor-heading-title elementor-size-default\">Tenerife \u00e8 pi\u00f9 vicina di quanto pensi!<\/h2>\t\t\t\t<\/div>\n\t\t\t\t<\/div>\n\t\t\t\t<div class=\"elementor-element elementor-element-64d3b2d elementor-widget elementor-widget-heading\" data-id=\"64d3b2d\" data-element_type=\"widget\" data-widget_type=\"heading.default\">\n\t\t\t\t<div class=\"elementor-widget-container\">\n\t\t\t\t\t<h2 class=\"elementor-heading-title elementor-size-default\">Raggiungere Tenerife ed El M\u00e9dano, la capitale europea del windsurf, \u00e8 pi\u00f9 facile di quanto tu possa immaginare.<\/h2>\t\t\t\t<\/div>\n\t\t\t\t<\/div>\n\t\t\t\t<div class=\"elementor-element elementor-element-40239d36 elementor-widget elementor-widget-text-editor\" data-id=\"40239d36\" data-element_type=\"widget\" data-widget_type=\"text-editor.default\">\n\t\t\t\t<div class=\"elementor-widget-container\">\n\t\t\t\t\t\t\t\t\t<p>L&#8217;aeroporto di Tenerife Sud (TFS), noto anche come aeroporto Reina Sof\u00eda, \u00e8 ben collegato ai principali aeroporti europei e dista solo quattro ore di volo da luoghi come la Germania o la Francia.<\/p>\n<p>Una volta atterrato, El M\u00e9dano \u00e8 a soli 10 minuti di auto!  <\/p>\n\t\t\t\t\t\t\t\t<\/div>\n\t\t\t\t<\/div>\n\t\t\t\t\t<\/div>\n\t\t<\/div>\n\t\t\t\t\t<\/div>\n\t\t<\/section>\n\t\t\t\t<section data-particle_enable=\"false\" data-particle-mobile-disabled=\"false\" class=\"elementor-section elementor-top-section elementor-element elementor-element-3e78bca elementor-section-boxed elementor-section-height-default elementor-section-height-default\" data-id=\"3e78bca\" data-element_type=\"section\" data-settings=\"{&quot;jet_parallax_layout_list&quot;:[]}\">\n\t\t\t\t\t\t<div class=\"elementor-container elementor-column-gap-default\">\n\t\t\t\t\t<div class=\"elementor-column elementor-col-50 elementor-top-column elementor-element elementor-element-e872af1\" data-id=\"e872af1\" data-element_type=\"column\" data-settings=\"{&quot;background_background&quot;:&quot;classic&quot;}\">\n\t\t\t<div class=\"elementor-widget-wrap elementor-element-populated\">\n\t\t\t\t\t\t<div class=\"elementor-element elementor-element-2d0e2df elementor-widget elementor-widget-image\" data-id=\"2d0e2df\" data-element_type=\"widget\" data-widget_type=\"image.default\">\n\t\t\t\t<div class=\"elementor-widget-container\">\n\t\t\t\t\t\t\t\t\t\t\t\t\t\t\t<img fetchpriority=\"high\" decoding=\"async\" width=\"800\" height=\"800\" src=\"https:\/\/twstest.072design.site\/wp-content\/uploads\/2024\/09\/flight.jpg\" class=\"attachment-large size-large wp-image-3032\" alt=\"\" srcset=\"https:\/\/twstest.072design.site\/wp-content\/uploads\/2024\/09\/flight.jpg 1024w, https:\/\/twstest.072design.site\/wp-content\/uploads\/2024\/09\/flight-300x300.jpg 300w, https:\/\/twstest.072design.site\/wp-content\/uploads\/2024\/09\/flight-150x150.jpg 150w, https:\/\/twstest.072design.site\/wp-content\/uploads\/2024\/09\/flight-768x768.jpg 768w, https:\/\/twstest.072design.site\/wp-content\/uploads\/2024\/09\/flight-600x600.jpg 600w, https:\/\/twstest.072design.site\/wp-content\/uploads\/2024\/09\/flight-100x100.jpg 100w\" sizes=\"(max-width: 800px) 100vw, 800px\" \/>\t\t\t\t\t\t\t\t\t\t\t\t\t\t\t<\/div>\n\t\t\t\t<\/div>\n\t\t\t\t\t<\/div>\n\t\t<\/div>\n\t\t\t\t<div class=\"elementor-column elementor-col-50 elementor-top-column elementor-element elementor-element-e1099e4\" data-id=\"e1099e4\" data-element_type=\"column\" data-settings=\"{&quot;background_background&quot;:&quot;classic&quot;}\">\n\t\t\t<div class=\"elementor-widget-wrap elementor-element-populated\">\n\t\t\t\t\t\t<div class=\"elementor-element elementor-element-cb16311 elementor-widget elementor-widget-heading\" data-id=\"cb16311\" data-element_type=\"widget\" data-widget_type=\"heading.default\">\n\t\t\t\t<div class=\"elementor-widget-container\">\n\t\t\t\t\t<h2 class=\"elementor-heading-title elementor-size-default\">Voli diretti dalle principali citt\u00e0<\/h2>\t\t\t\t<\/div>\n\t\t\t\t<\/div>\n\t\t\t\t<div class=\"elementor-element elementor-element-f3822c7 elementor-widget elementor-widget-text-editor\" data-id=\"f3822c7\" data-element_type=\"widget\" data-widget_type=\"text-editor.default\">\n\t\t\t\t<div class=\"elementor-widget-container\">\n\t\t\t\t\t\t\t\t\t<p>L&#8217;aeroporto di Tenerife Sud offre voli diretti da molte capitali europee e dalle principali citt\u00e0. Compagnie aeree come Ryanair, EasyJet, Transavia, British Airways e Lufthansa operano voli frequenti verso TFS. Sono disponibili pi\u00f9 voli giornalieri o settimanali da tutti i principali aereoporti europei.  <\/p>\n\t\t\t\t\t\t\t\t<\/div>\n\t\t\t\t<\/div>\n\t\t\t\t<div class=\"elementor-element elementor-element-6e77907 elementor-widget elementor-widget-heading\" data-id=\"6e77907\" data-element_type=\"widget\" data-widget_type=\"heading.default\">\n\t\t\t\t<div class=\"elementor-widget-container\">\n\t\t\t\t\t<h2 class=\"elementor-heading-title elementor-size-default\">Voli economici e charter<\/h2>\t\t\t\t<\/div>\n\t\t\t\t<\/div>\n\t\t\t\t<div class=\"elementor-element elementor-element-b057a76 elementor-widget elementor-widget-text-editor\" data-id=\"b057a76\" data-element_type=\"widget\" data-widget_type=\"text-editor.default\">\n\t\t\t\t<div class=\"elementor-widget-container\">\n\t\t\t\t\t\t\t\t\t<p>Tenerife \u00e8 una destinazione economica, con numerosi vettori low-cost e compagnie aeree charter che offrono voli a prezzi accessibili, soprattutto durante le stagioni di punta delle vacanze, sia in estate che in inverno. Questo la rende un&#8217;opzione accessibile per i viaggiatori di tutta Europa. <\/p>\n\t\t\t\t\t\t\t\t<\/div>\n\t\t\t\t<\/div>\n\t\t\t\t\t<\/div>\n\t\t<\/div>\n\t\t\t\t\t<\/div>\n\t\t<\/section>\n\t\t\t\t<section data-particle_enable=\"false\" data-particle-mobile-disabled=\"false\" class=\"elementor-section elementor-top-section elementor-element elementor-element-45c5b588 elementor-section-full_width elementor-section-height-default elementor-section-height-default\" data-id=\"45c5b588\" data-element_type=\"section\" data-settings=\"{&quot;jet_parallax_layout_list&quot;:[]}\">\n\t\t\t\t\t\t<div class=\"elementor-container elementor-column-gap-no\">\n\t\t\t\t\t<div class=\"elementor-column elementor-col-100 elementor-top-column elementor-element elementor-element-66a0df6e\" data-id=\"66a0df6e\" data-element_type=\"column\">\n\t\t\t<div class=\"elementor-widget-wrap\">\n\t\t\t\t\t\t\t<\/div>\n\t\t<\/div>\n\t\t\t\t\t<\/div>\n\t\t<\/section>\n\t\t\t\t<section data-particle_enable=\"false\" data-particle-mobile-disabled=\"false\" class=\"elementor-section elementor-top-section elementor-element elementor-element-b961afa elementor-section-boxed elementor-section-height-default elementor-section-height-default\" data-id=\"b961afa\" data-element_type=\"section\" data-settings=\"{&quot;jet_parallax_layout_list&quot;:[]}\">\n\t\t\t\t\t\t<div class=\"elementor-container elementor-column-gap-default\">\n\t\t\t\t\t<div class=\"elementor-column elementor-col-50 elementor-top-column elementor-element elementor-element-ebf6ab8\" data-id=\"ebf6ab8\" data-element_type=\"column\" data-settings=\"{&quot;background_background&quot;:&quot;classic&quot;}\">\n\t\t\t<div class=\"elementor-widget-wrap elementor-element-populated\">\n\t\t\t\t\t\t<div class=\"elementor-element elementor-element-2e79a76 elementor-widget elementor-widget-heading\" data-id=\"2e79a76\" data-element_type=\"widget\" data-widget_type=\"heading.default\">\n\t\t\t\t<div class=\"elementor-widget-container\">\n\t\t\t\t\t<h2 class=\"elementor-heading-title elementor-size-default\">Tempi di volo brevi<\/h2>\t\t\t\t<\/div>\n\t\t\t\t<\/div>\n\t\t\t\t<div class=\"elementor-element elementor-element-0642bb8 elementor-widget elementor-widget-text-editor\" data-id=\"0642bb8\" data-element_type=\"widget\" data-widget_type=\"text-editor.default\">\n\t\t\t\t<div class=\"elementor-widget-container\">\n\t\t\t\t\t\t\t\t\t<p>I voli dalla maggior parte degli aeroporti europei a Tenerife durano in genere dalle 3 alle 5 ore. Ad esempio, i voli da Germania, Olanda, Belgio e Francia durano circa 4 ore, mentre i voli dalla Scandinavia e dall&#8217;Europa dell&#8217;Est vanno dalle 4,5 alle 6 ore. Gli aeroporti dell&#8217;Europa meridionale hanno una durata di volo ancora pi\u00f9 breve.  <\/p>\n\t\t\t\t\t\t\t\t<\/div>\n\t\t\t\t<\/div>\n\t\t\t\t<div class=\"elementor-element elementor-element-2897ca0 elementor-widget elementor-widget-heading\" data-id=\"2897ca0\" data-element_type=\"widget\" data-widget_type=\"heading.default\">\n\t\t\t\t<div class=\"elementor-widget-container\">\n\t\t\t\t\t<h2 class=\"elementor-heading-title elementor-size-default\">Voli tutto l'anno<\/h2>\t\t\t\t<\/div>\n\t\t\t\t<\/div>\n\t\t\t\t<div class=\"elementor-element elementor-element-9a60316 elementor-widget elementor-widget-text-editor\" data-id=\"9a60316\" data-element_type=\"widget\" data-widget_type=\"text-editor.default\">\n\t\t\t\t<div class=\"elementor-widget-container\">\n\t\t\t\t\t\t\t\t\t<p>Tenerife \u00e8 una destinazione popolare tutto l&#8217;anno, per cui i voli sono attivi costantemente durante tutto l&#8217;anno. Questo la rende una meta ideale per gli amanti degli sport acquatici che possono visitarla in qualsiasi momento! <\/p>\n\t\t\t\t\t\t\t\t<\/div>\n\t\t\t\t<\/div>\n\t\t\t\t<div class=\"elementor-element elementor-element-56a48c1 elementor-widget elementor-widget-heading\" data-id=\"56a48c1\" data-element_type=\"widget\" data-widget_type=\"heading.default\">\n\t\t\t\t<div class=\"elementor-widget-container\">\n\t\t\t\t\t<h2 class=\"elementor-heading-title elementor-size-default\">Comodo trasporto a terra<\/h2>\t\t\t\t<\/div>\n\t\t\t\t<\/div>\n\t\t\t\t<div class=\"elementor-element elementor-element-75fa405 elementor-widget elementor-widget-text-editor\" data-id=\"75fa405\" data-element_type=\"widget\" data-widget_type=\"text-editor.default\">\n\t\t\t\t<div class=\"elementor-widget-container\">\n\t\t\t\t\t\t\t\t\t<p>Una volta arrivato all&#8217;aeroporto di Tenerife Sud, raggiungere El M\u00e9dano e il TWS Center \u00e8 semplice. Si tratta di soli 10 minuti di auto e sono disponibili numerose opzioni di trasporto, tra cui taxi, auto a noleggio e autobus. Sarai in acqua in men che non si dica!  <\/p>\n\t\t\t\t\t\t\t\t<\/div>\n\t\t\t\t<\/div>\n\t\t\t\t<div class=\"elementor-element elementor-element-0839bca elementor-align-left elementor-widget elementor-widget-button\" data-id=\"0839bca\" data-element_type=\"widget\" data-widget_type=\"button.default\">\n\t\t\t\t<div class=\"elementor-widget-container\">\n\t\t\t\t\t\t\t\t\t<div class=\"elementor-button-wrapper\">\n\t\t\t\t\t<a class=\"elementor-button elementor-button-link elementor-size-sm\" href=\"https:\/\/twstest.072design.site\/it\/tutto-quello-che-devi-sapere\/\">\n\t\t\t\t\t\t<span class=\"elementor-button-content-wrapper\">\n\t\t\t\t\t\t\t\t\t<span class=\"elementor-button-text\">Tutto quello che devi sapere<\/span>\n\t\t\t\t\t<\/span>\n\t\t\t\t\t<\/a>\n\t\t\t\t<\/div>\n\t\t\t\t\t\t\t\t<\/div>\n\t\t\t\t<\/div>\n\t\t\t\t\t<\/div>\n\t\t<\/div>\n\t\t\t\t<div class=\"elementor-column elementor-col-50 elementor-top-column elementor-element elementor-element-5edd97c\" data-id=\"5edd97c\" data-element_type=\"column\" data-settings=\"{&quot;background_background&quot;:&quot;classic&quot;}\">\n\t\t\t<div class=\"elementor-widget-wrap elementor-element-populated\">\n\t\t\t\t\t\t<div class=\"elementor-element elementor-element-70867d2 elementor-widget elementor-widget-image\" data-id=\"70867d2\" data-element_type=\"widget\" data-widget_type=\"image.default\">\n\t\t\t\t<div class=\"elementor-widget-container\">\n\t\t\t\t\t\t\t\t\t\t\t\t\t\t\t<img decoding=\"async\" width=\"800\" height=\"800\" src=\"https:\/\/twstest.072design.site\/wp-content\/uploads\/2024\/09\/TWS-gear-and-TWS-center.jpg\" class=\"attachment-large size-large wp-image-8575\" alt=\"\" srcset=\"https:\/\/twstest.072design.site\/wp-content\/uploads\/2024\/09\/TWS-gear-and-TWS-center.jpg 1024w, https:\/\/twstest.072design.site\/wp-content\/uploads\/2024\/09\/TWS-gear-and-TWS-center-300x300.jpg 300w, https:\/\/twstest.072design.site\/wp-content\/uploads\/2024\/09\/TWS-gear-and-TWS-center-150x150.jpg 150w, https:\/\/twstest.072design.site\/wp-content\/uploads\/2024\/09\/TWS-gear-and-TWS-center-768x768.jpg 768w, https:\/\/twstest.072design.site\/wp-content\/uploads\/2024\/09\/TWS-gear-and-TWS-center-600x600.jpg 600w, https:\/\/twstest.072design.site\/wp-content\/uploads\/2024\/09\/TWS-gear-and-TWS-center-100x100.jpg 100w\" sizes=\"(max-width: 800px) 100vw, 800px\" \/>\t\t\t\t\t\t\t\t\t\t\t\t\t\t\t<\/div>\n\t\t\t\t<\/div>\n\t\t\t\t\t<\/div>\n\t\t<\/div>\n\t\t\t\t\t<\/div>\n\t\t<\/section>\n\t\t\t\t<section data-particle_enable=\"false\" data-particle-mobile-disabled=\"false\" class=\"elementor-section elementor-top-section elementor-element elementor-element-b45f053 elementor-section-boxed elementor-section-height-default elementor-section-height-default\" data-id=\"b45f053\" data-element_type=\"section\" data-settings=\"{&quot;jet_parallax_layout_list&quot;:[]}\">\n\t\t\t\t\t\t<div class=\"elementor-container elementor-column-gap-default\">\n\t\t\t\t\t<div class=\"elementor-column elementor-col-100 elementor-top-column elementor-element elementor-element-d3e9529\" data-id=\"d3e9529\" data-element_type=\"column\" data-settings=\"{&quot;background_background&quot;:&quot;classic&quot;}\">\n\t\t\t<div class=\"elementor-widget-wrap elementor-element-populated\">\n\t\t\t\t\t\t<div class=\"elementor-element elementor-element-ba5a1db elementor-widget elementor-widget-heading\" data-id=\"ba5a1db\" data-element_type=\"widget\" data-widget_type=\"heading.default\">\n\t\t\t\t<div class=\"elementor-widget-container\">\n\t\t\t\t\t<h2 class=\"elementor-heading-title elementor-size-default\">El M\u00e9dano, la capitale del windsurf di \nEuropa, \u00e8 pi\u00f9 vicina che mai e facile da raggiungere!<\/h2>\t\t\t\t<\/div>\n\t\t\t\t<\/div>\n\t\t\t\t\t<\/div>\n\t\t<\/div>\n\t\t\t\t\t<\/div>\n\t\t<\/section>\n\t\t\t\t<\/div>\n\t\t","protected":false},"excerpt":{"rendered":"<p>Un volo facile per la capitale europea del windsurf Tenerife \u00e8 pi\u00f9 vicina di quanto pensi! Raggiungere Tenerife ed El M\u00e9dano, la capitale europea del windsurf, \u00e8 pi\u00f9 facile di quanto tu possa immaginare. L&#8217;aeroporto di Tenerife Sud (TFS), noto anche come aeroporto Reina Sof\u00eda, \u00e8 ben collegato ai principali aeroporti europei e dista solo [&hellip;]<\/p>\n","protected":false},"author":1,"featured_media":0,"parent":0,"menu_order":0,"comment_status":"closed","ping_status":"closed","template":"","meta":{"footnotes":""},"class_list":["post-8562","page","type-page","status-publish","hentry"],"_links":{"self":[{"href":"https:\/\/twstest.072design.site\/it\/wp-json\/wp\/v2\/pages\/8562","targetHints":{"allow":["GET"]}}],"collection":[{"href":"https:\/\/twstest.072design.site\/it\/wp-json\/wp\/v2\/pages"}],"about":[{"href":"https:\/\/twstest.072design.site\/it\/wp-json\/wp\/v2\/types\/page"}],"author":[{"embeddable":true,"href":"https:\/\/twstest.072design.site\/it\/wp-json\/wp\/v2\/users\/1"}],"replies":[{"embeddable":true,"href":"https:\/\/twstest.072design.site\/it\/wp-json\/wp\/v2\/comments?post=8562"}],"version-history":[{"count":0,"href":"https:\/\/twstest.072design.site\/it\/wp-json\/wp\/v2\/pages\/8562\/revisions"}],"wp:attachment":[{"href":"https:\/\/twstest.072design.site\/it\/wp-json\/wp\/v2\/media?parent=8562"}],"curies":[{"name":"wp","href":"https:\/\/api.w.org\/{rel}","templated":true}]}}